{"id":2900,"date":"2024-06-18T16:53:02","date_gmt":"2024-06-18T14:53:02","guid":{"rendered":"https:\/\/larnocom.net\/freelance\/?post_type=portfolio&#038;p=2900"},"modified":"2024-06-18T17:54:09","modified_gmt":"2024-06-18T15:54:09","slug":"pro-am-gapa-2024","status":"publish","type":"portfolio","link":"https:\/\/larnocom.net\/freelance\/portfolio\/pro-am-gapa-2024\/","title":{"rendered":"Pro\/Am Gapa 2024"},"content":{"rendered":"<div class=\"grid kcm\">\n<div class=\"grid__item two-twelfths portable--one-twelfth lap--auto palm--auto top-no-padding bottom-no-padding \" data-style=\"undefined\"><\/div>\n<div class=\"grid__item four-twelfths portable--four-twelfths lap--auto palm--auto top-no-padding bottom-no-padding \" data-style=\"undefined\">\n<h3 class=\"p1\">PRO\/AM GAPA 2024<\/h3>\n<p><span class=\"s1\">Client \u2014\u00a0<strong>Gapa Golf<\/strong><br \/>\nIntervention \u2014<\/span>\u00a0<strong>Identit\u00e9 visuelle, Mini-site, PLV<\/strong><span class=\"s1\"><br \/>\nDate <\/span><span class=\"s1\">\u2014 <strong>2024<\/strong><\/span><\/p>\n<p>Site web<span class=\"s1\"> \u2014<\/span> <a href=\"https:\/\/gapa-golf.fr\/proam-gapa-2024\/\">https:\/\/gapa-golf.fr<\/a><\/p>\n<\/div>\n<div class=\"grid__item four-twelfths portable--six-twelfths lap--hide palm--auto top-no-padding bottom-large-padding \" data-style=\"undefined\">\n<h2 class=\"p1\">1\u00e8re \u00e9dition pour cette comp\u00e9tition r\u00e9unissant un joueur de golf professionnel et 3 amateurs par \u00e9quipe.<br \/>\n36 \u00e9quipes s\u2019affrontent durant 6 jours sur le green du golf N\u00eemes Campagne du 3 au 5 octobre 2024.<br \/>\nEv\u00e9nement organis\u00e9 par Gapa Golf Event.<\/h2>\n<\/div>\n<div class=\"grid__item one-whole portable--nine-twelfths lap--auto palm--auto top-no-padding bottom-large-padding center \" data-style=\"undefined\">\n<p>&nbsp;<\/p>\n<p><img loading=\"lazy\" decoding=\"async\" class=\"wp-image-2916 size-large aligncenter\" src=\"https:\/\/larnocom.net\/freelance\/wp-content\/uploads\/2024\/06\/Affiche-proam-gapa-24-724x1024.jpg\" alt=\"\" width=\"724\" height=\"1024\" srcset=\"https:\/\/larnocom.net\/freelance\/wp-content\/uploads\/2024\/06\/Affiche-proam-gapa-24-724x1024.jpg 724w, https:\/\/larnocom.net\/freelance\/wp-content\/uploads\/2024\/06\/Affiche-proam-gapa-24-212x300.jpg 212w, https:\/\/larnocom.net\/freelance\/wp-content\/uploads\/2024\/06\/Affiche-proam-gapa-24-768x1086.jpg 768w, https:\/\/larnocom.net\/freelance\/wp-content\/uploads\/2024\/06\/Affiche-proam-gapa-24-1086x1536.jpg 1086w, https:\/\/larnocom.net\/freelance\/wp-content\/uploads\/2024\/06\/Affiche-proam-gapa-24-1448x2048.jpg 1448w, https:\/\/larnocom.net\/freelance\/wp-content\/uploads\/2024\/06\/Affiche-proam-gapa-24-scaled.jpg 1810w\" sizes=\"auto, (max-width: 724px) 100vw, 724px\" \/><\/p>\n<p><img loading=\"lazy\" decoding=\"async\" class=\"alignnone wp-image-2915 size-full\" src=\"https:\/\/larnocom.net\/freelance\/wp-content\/uploads\/2024\/06\/proamgapa24.png\" alt=\"\" width=\"1330\" height=\"798\" srcset=\"https:\/\/larnocom.net\/freelance\/wp-content\/uploads\/2024\/06\/proamgapa24.png 1330w, https:\/\/larnocom.net\/freelance\/wp-content\/uploads\/2024\/06\/proamgapa24-300x180.png 300w, https:\/\/larnocom.net\/freelance\/wp-content\/uploads\/2024\/06\/proamgapa24-1024x614.png 1024w, https:\/\/larnocom.net\/freelance\/wp-content\/uploads\/2024\/06\/proamgapa24-768x461.png 768w\" sizes=\"auto, (max-width: 1330px) 100vw, 1330px\" \/><\/p>\n<p>&nbsp;<\/p>\n<\/div>\n<div class=\"grid__item one-whole portable--nine-twelfths lap--auto palm--auto top-no-padding bottom-large-padding center \" data-style=\"undefined\">\n<p>&nbsp;<\/p>\n<\/div>\n<\/div>\n","protected":false},"excerpt":{"rendered":"<p>PRO\/AM GAPA 2024 Client \u2014\u00a0Gapa Golf Intervention \u2014\u00a0Identit\u00e9 visuelle, Mini-site, PLV Date \u2014 2024 Site web \u2014 https:\/\/gapa-golf.fr 1\u00e8re \u00e9dition pour cette comp\u00e9tition r\u00e9unissant un joueur de golf professionnel et 3 amateurs par \u00e9quipe. 36 \u00e9quipes s\u2019affrontent durant 6 jours sur le green du golf N\u00eemes Campagne du 3 au 5 octobre 2024. Ev\u00e9nement organis\u00e9 [&hellip;]<\/p>\n","protected":false},"author":1,"featured_media":2901,"comment_status":"closed","ping_status":"closed","template":"","meta":{"footnotes":""},"class_list":["post-2900","portfolio","type-portfolio","status-publish","has-post-thumbnail","hentry","portfolio_category-identity","portfolio_category-print","portfolio_category-web"],"acf":[],"yoast_head":"<!-- This site is optimized with the Yoast SEO plugin v25.2 - https:\/\/yoast.com\/wordpress\/plugins\/seo\/ -->\n<title>Pro\/Am Gapa 2024 | Arnaud Decotte Designer graphique freelance<\/title>\n<meta name=\"robots\" content=\"index, follow, max-snippet:-1, max-image-preview:large, max-video-preview:-1\" \/>\n<link rel=\"canonical\" href=\"https:\/\/larnocom.net\/freelance\/portfolio\/pro-am-gapa-2024\/\" \/>\n<meta property=\"og:locale\" content=\"fr_FR\" \/>\n<meta property=\"og:type\" content=\"article\" \/>\n<meta property=\"og:title\" content=\"Pro\/Am Gapa 2024 | Arnaud Decotte Designer graphique freelance\" \/>\n<meta property=\"og:description\" content=\"PRO\/AM GAPA 2024 Client \u2014\u00a0Gapa Golf Intervention \u2014\u00a0Identit\u00e9 visuelle, Mini-site, PLV Date \u2014 2024 Site web \u2014 https:\/\/gapa-golf.fr 1\u00e8re \u00e9dition pour cette comp\u00e9tition r\u00e9unissant un joueur de golf professionnel et 3 amateurs par \u00e9quipe. 36 \u00e9quipes s\u2019affrontent durant 6 jours sur le green du golf N\u00eemes Campagne du 3 au 5 octobre 2024. Ev\u00e9nement organis\u00e9 [&hellip;]\" \/>\n<meta property=\"og:url\" content=\"https:\/\/larnocom.net\/freelance\/portfolio\/pro-am-gapa-2024\/\" \/>\n<meta property=\"og:site_name\" content=\"Arnaud Decotte Designer graphique freelance\" \/>\n<meta property=\"article:publisher\" content=\"https:\/\/www.facebook.com\/AD.freelance\" \/>\n<meta property=\"article:modified_time\" content=\"2024-06-18T15:54:09+00:00\" \/>\n<meta property=\"og:image\" content=\"https:\/\/larnocom.net\/freelance\/wp-content\/uploads\/2024\/06\/PROAM-GAPA-2024.png\" \/>\n\t<meta property=\"og:image:width\" content=\"960\" \/>\n\t<meta property=\"og:image:height\" content=\"1080\" \/>\n\t<meta property=\"og:image:type\" content=\"image\/png\" \/>\n<meta name=\"twitter:card\" content=\"summary_large_image\" \/>\n<meta name=\"twitter:label1\" content=\"Dur\u00e9e de lecture estim\u00e9e\" \/>\n\t<meta name=\"twitter:data1\" content=\"1 minute\" \/>\n<script type=\"application\/ld+json\" class=\"yoast-schema-graph\">{\"@context\":\"https:\/\/schema.org\",\"@graph\":[{\"@type\":\"WebPage\",\"@id\":\"https:\/\/larnocom.net\/freelance\/portfolio\/pro-am-gapa-2024\/\",\"url\":\"https:\/\/larnocom.net\/freelance\/portfolio\/pro-am-gapa-2024\/\",\"name\":\"Pro\/Am Gapa 2024 | Arnaud Decotte Designer graphique freelance\",\"isPartOf\":{\"@id\":\"https:\/\/larnocom.net\/freelance\/#website\"},\"primaryImageOfPage\":{\"@id\":\"https:\/\/larnocom.net\/freelance\/portfolio\/pro-am-gapa-2024\/#primaryimage\"},\"image\":{\"@id\":\"https:\/\/larnocom.net\/freelance\/portfolio\/pro-am-gapa-2024\/#primaryimage\"},\"thumbnailUrl\":\"https:\/\/larnocom.net\/freelance\/wp-content\/uploads\/2024\/06\/PROAM-GAPA-2024.png\",\"datePublished\":\"2024-06-18T14:53:02+00:00\",\"dateModified\":\"2024-06-18T15:54:09+00:00\",\"breadcrumb\":{\"@id\":\"https:\/\/larnocom.net\/freelance\/portfolio\/pro-am-gapa-2024\/#breadcrumb\"},\"inLanguage\":\"fr-FR\",\"potentialAction\":[{\"@type\":\"ReadAction\",\"target\":[\"https:\/\/larnocom.net\/freelance\/portfolio\/pro-am-gapa-2024\/\"]}]},{\"@type\":\"ImageObject\",\"inLanguage\":\"fr-FR\",\"@id\":\"https:\/\/larnocom.net\/freelance\/portfolio\/pro-am-gapa-2024\/#primaryimage\",\"url\":\"https:\/\/larnocom.net\/freelance\/wp-content\/uploads\/2024\/06\/PROAM-GAPA-2024.png\",\"contentUrl\":\"https:\/\/larnocom.net\/freelance\/wp-content\/uploads\/2024\/06\/PROAM-GAPA-2024.png\",\"width\":960,\"height\":1080},{\"@type\":\"BreadcrumbList\",\"@id\":\"https:\/\/larnocom.net\/freelance\/portfolio\/pro-am-gapa-2024\/#breadcrumb\",\"itemListElement\":[{\"@type\":\"ListItem\",\"position\":1,\"name\":\"Accueil\",\"item\":\"https:\/\/larnocom.net\/freelance\/\"},{\"@type\":\"ListItem\",\"position\":2,\"name\":\"Portfolio\",\"item\":\"https:\/\/larnocom.net\/freelance\/portfolio\/\"},{\"@type\":\"ListItem\",\"position\":3,\"name\":\"Pro\/Am Gapa 2024\"}]},{\"@type\":\"WebSite\",\"@id\":\"https:\/\/larnocom.net\/freelance\/#website\",\"url\":\"https:\/\/larnocom.net\/freelance\/\",\"name\":\"Arnaud Decotte | Graphiste webdesigner Tarbes\",\"description\":\"Graphiste webdesigner Hautes-Pyr\u00e9n\u00e9es\",\"publisher\":{\"@id\":\"https:\/\/larnocom.net\/freelance\/#organization\"},\"alternateName\":\"AD Graphiste Tarbes\",\"potentialAction\":[{\"@type\":\"SearchAction\",\"target\":{\"@type\":\"EntryPoint\",\"urlTemplate\":\"https:\/\/larnocom.net\/freelance\/?s={search_term_string}\"},\"query-input\":{\"@type\":\"PropertyValueSpecification\",\"valueRequired\":true,\"valueName\":\"search_term_string\"}}],\"inLanguage\":\"fr-FR\"},{\"@type\":\"Organization\",\"@id\":\"https:\/\/larnocom.net\/freelance\/#organization\",\"name\":\"AD grahiste webdesigner freelance\",\"alternateName\":\"Arnaud Decotte\",\"url\":\"https:\/\/larnocom.net\/freelance\/\",\"logo\":{\"@type\":\"ImageObject\",\"inLanguage\":\"fr-FR\",\"@id\":\"https:\/\/larnocom.net\/freelance\/#\/schema\/logo\/image\/\",\"url\":\"https:\/\/larnocom.net\/freelance\/wp-content\/uploads\/2021\/05\/fb-ad.jpg\",\"contentUrl\":\"https:\/\/larnocom.net\/freelance\/wp-content\/uploads\/2021\/05\/fb-ad.jpg\",\"width\":500,\"height\":500,\"caption\":\"AD grahiste webdesigner freelance\"},\"image\":{\"@id\":\"https:\/\/larnocom.net\/freelance\/#\/schema\/logo\/image\/\"},\"sameAs\":[\"https:\/\/www.facebook.com\/AD.freelance\"]}]}<\/script>\n<!-- \/ Yoast SEO plugin. -->","yoast_head_json":{"title":"Pro\/Am Gapa 2024 | Arnaud Decotte Designer graphique freelance","robots":{"index":"index","follow":"follow","max-snippet":"max-snippet:-1","max-image-preview":"max-image-preview:large","max-video-preview":"max-video-preview:-1"},"canonical":"https:\/\/larnocom.net\/freelance\/portfolio\/pro-am-gapa-2024\/","og_locale":"fr_FR","og_type":"article","og_title":"Pro\/Am Gapa 2024 | Arnaud Decotte Designer graphique freelance","og_description":"PRO\/AM GAPA 2024 Client \u2014\u00a0Gapa Golf Intervention \u2014\u00a0Identit\u00e9 visuelle, Mini-site, PLV Date \u2014 2024 Site web \u2014 https:\/\/gapa-golf.fr 1\u00e8re \u00e9dition pour cette comp\u00e9tition r\u00e9unissant un joueur de golf professionnel et 3 amateurs par \u00e9quipe. 36 \u00e9quipes s\u2019affrontent durant 6 jours sur le green du golf N\u00eemes Campagne du 3 au 5 octobre 2024. Ev\u00e9nement organis\u00e9 [&hellip;]","og_url":"https:\/\/larnocom.net\/freelance\/portfolio\/pro-am-gapa-2024\/","og_site_name":"Arnaud Decotte Designer graphique freelance","article_publisher":"https:\/\/www.facebook.com\/AD.freelance","article_modified_time":"2024-06-18T15:54:09+00:00","og_image":[{"width":960,"height":1080,"url":"https:\/\/larnocom.net\/freelance\/wp-content\/uploads\/2024\/06\/PROAM-GAPA-2024.png","type":"image\/png"}],"twitter_card":"summary_large_image","twitter_misc":{"Dur\u00e9e de lecture estim\u00e9e":"1 minute"},"schema":{"@context":"https:\/\/schema.org","@graph":[{"@type":"WebPage","@id":"https:\/\/larnocom.net\/freelance\/portfolio\/pro-am-gapa-2024\/","url":"https:\/\/larnocom.net\/freelance\/portfolio\/pro-am-gapa-2024\/","name":"Pro\/Am Gapa 2024 | Arnaud Decotte Designer graphique freelance","isPartOf":{"@id":"https:\/\/larnocom.net\/freelance\/#website"},"primaryImageOfPage":{"@id":"https:\/\/larnocom.net\/freelance\/portfolio\/pro-am-gapa-2024\/#primaryimage"},"image":{"@id":"https:\/\/larnocom.net\/freelance\/portfolio\/pro-am-gapa-2024\/#primaryimage"},"thumbnailUrl":"https:\/\/larnocom.net\/freelance\/wp-content\/uploads\/2024\/06\/PROAM-GAPA-2024.png","datePublished":"2024-06-18T14:53:02+00:00","dateModified":"2024-06-18T15:54:09+00:00","breadcrumb":{"@id":"https:\/\/larnocom.net\/freelance\/portfolio\/pro-am-gapa-2024\/#breadcrumb"},"inLanguage":"fr-FR","potentialAction":[{"@type":"ReadAction","target":["https:\/\/larnocom.net\/freelance\/portfolio\/pro-am-gapa-2024\/"]}]},{"@type":"ImageObject","inLanguage":"fr-FR","@id":"https:\/\/larnocom.net\/freelance\/portfolio\/pro-am-gapa-2024\/#primaryimage","url":"https:\/\/larnocom.net\/freelance\/wp-content\/uploads\/2024\/06\/PROAM-GAPA-2024.png","contentUrl":"https:\/\/larnocom.net\/freelance\/wp-content\/uploads\/2024\/06\/PROAM-GAPA-2024.png","width":960,"height":1080},{"@type":"BreadcrumbList","@id":"https:\/\/larnocom.net\/freelance\/portfolio\/pro-am-gapa-2024\/#breadcrumb","itemListElement":[{"@type":"ListItem","position":1,"name":"Accueil","item":"https:\/\/larnocom.net\/freelance\/"},{"@type":"ListItem","position":2,"name":"Portfolio","item":"https:\/\/larnocom.net\/freelance\/portfolio\/"},{"@type":"ListItem","position":3,"name":"Pro\/Am Gapa 2024"}]},{"@type":"WebSite","@id":"https:\/\/larnocom.net\/freelance\/#website","url":"https:\/\/larnocom.net\/freelance\/","name":"Arnaud Decotte | Graphiste webdesigner Tarbes","description":"Graphiste webdesigner Hautes-Pyr\u00e9n\u00e9es","publisher":{"@id":"https:\/\/larnocom.net\/freelance\/#organization"},"alternateName":"AD Graphiste Tarbes","potentialAction":[{"@type":"SearchAction","target":{"@type":"EntryPoint","urlTemplate":"https:\/\/larnocom.net\/freelance\/?s={search_term_string}"},"query-input":{"@type":"PropertyValueSpecification","valueRequired":true,"valueName":"search_term_string"}}],"inLanguage":"fr-FR"},{"@type":"Organization","@id":"https:\/\/larnocom.net\/freelance\/#organization","name":"AD grahiste webdesigner freelance","alternateName":"Arnaud Decotte","url":"https:\/\/larnocom.net\/freelance\/","logo":{"@type":"ImageObject","inLanguage":"fr-FR","@id":"https:\/\/larnocom.net\/freelance\/#\/schema\/logo\/image\/","url":"https:\/\/larnocom.net\/freelance\/wp-content\/uploads\/2021\/05\/fb-ad.jpg","contentUrl":"https:\/\/larnocom.net\/freelance\/wp-content\/uploads\/2021\/05\/fb-ad.jpg","width":500,"height":500,"caption":"AD grahiste webdesigner freelance"},"image":{"@id":"https:\/\/larnocom.net\/freelance\/#\/schema\/logo\/image\/"},"sameAs":["https:\/\/www.facebook.com\/AD.freelance"]}]}},"_links":{"self":[{"href":"https:\/\/larnocom.net\/freelance\/wp-json\/wp\/v2\/portfolio\/2900","targetHints":{"allow":["GET"]}}],"collection":[{"href":"https:\/\/larnocom.net\/freelance\/wp-json\/wp\/v2\/portfolio"}],"about":[{"href":"https:\/\/larnocom.net\/freelance\/wp-json\/wp\/v2\/types\/portfolio"}],"author":[{"embeddable":true,"href":"https:\/\/larnocom.net\/freelance\/wp-json\/wp\/v2\/users\/1"}],"replies":[{"embeddable":true,"href":"https:\/\/larnocom.net\/freelance\/wp-json\/wp\/v2\/comments?post=2900"}],"version-history":[{"count":5,"href":"https:\/\/larnocom.net\/freelance\/wp-json\/wp\/v2\/portfolio\/2900\/revisions"}],"predecessor-version":[{"id":2921,"href":"https:\/\/larnocom.net\/freelance\/wp-json\/wp\/v2\/portfolio\/2900\/revisions\/2921"}],"wp:featuredmedia":[{"embeddable":true,"href":"https:\/\/larnocom.net\/freelance\/wp-json\/wp\/v2\/media\/2901"}],"wp:attachment":[{"href":"https:\/\/larnocom.net\/freelance\/wp-json\/wp\/v2\/media?parent=2900"}],"curies":[{"name":"wp","href":"https:\/\/api.w.org\/{rel}","templated":true}]}}