{"id":2371,"date":"2020-03-23T23:02:52","date_gmt":"2020-03-23T22:02:52","guid":{"rendered":"https:\/\/larnocom.net\/freelance\/?post_type=portfolio&#038;p=2371"},"modified":"2021-10-01T15:20:31","modified_gmt":"2021-10-01T13:20:31","slug":"pro-am-de-marrakech-2020","status":"publish","type":"portfolio","link":"https:\/\/larnocom.net\/freelance\/portfolio\/pro-am-de-marrakech-2020\/","title":{"rendered":"Pro\/Am de Marrakech 2020"},"content":{"rendered":"<div class=\"grid kcm\">\n<div class=\"grid__item two-twelfths portable--one-twelfth lap--auto palm--auto top-no-padding bottom-no-padding \" data-style=\"undefined\"><\/div>\n<div class=\"grid__item four-twelfths portable--four-twelfths lap--auto palm--auto top-no-padding bottom-no-padding \" data-style=\"undefined\">\n<h3 class=\"p1\">PRO\/AM DE MARRAKECH 2020<\/h3>\n<p><span class=\"s1\">Client \u2014\u00a0<strong>Gapa Event<\/strong><br \/>\nIntervention \u2014<\/span>\u00a0<strong>Identit\u00e9 visuelle, Mini-site, PLV<\/strong><span class=\"s1\"><br \/>\nDate <\/span><span class=\"s1\">\u2014 <strong>2020<\/strong><\/span><\/p>\n<p>Site web<span class=\"s1\"> \u2014<\/span> <a href=\"https:\/\/gapa-golf.fr\/evenements\/proam-de-marrakech-2020\/\">https:\/\/gapa-golf.fr<\/a><\/p>\n<\/div>\n<div class=\"grid__item four-twelfths portable--six-twelfths lap--hide palm--auto top-no-padding bottom-large-padding \" data-style=\"undefined\">\n<h2 class=\"p1\">1\u00e8re \u00e9dition pour cette comp\u00e9tition r\u00e9unissant un joueur de golf professionnel et 3 amateurs par \u00e9quipe.<br \/>\n36 \u00e9quipes s\u2019affrontent durant 6 jours sur 3 golfs de Marrakech du 16 au 22 novembre 2020.<br \/>\nEv\u00e9nement est organis\u00e9 par Gaga Golf Event.<\/h2>\n<\/div>\n<div class=\"grid__item one-whole portable--nine-twelfths lap--auto palm--auto top-no-padding bottom-large-padding center \" data-style=\"undefined\">\n<p>&nbsp;<\/p>\n<p><a href=\"https:\/\/larnocom.net\/freelance\/wp-content\/uploads\/2021\/05\/marrakech1.jpg\"><img loading=\"lazy\" decoding=\"async\" class=\"wp-image-2374 size-full aligncenter\" src=\"https:\/\/larnocom.net\/freelance\/wp-content\/uploads\/2021\/05\/marrakech1.jpg\" alt=\"\" width=\"1080\" height=\"720\" srcset=\"https:\/\/larnocom.net\/freelance\/wp-content\/uploads\/2021\/05\/marrakech1.jpg 1080w, https:\/\/larnocom.net\/freelance\/wp-content\/uploads\/2021\/05\/marrakech1-300x200.jpg 300w, https:\/\/larnocom.net\/freelance\/wp-content\/uploads\/2021\/05\/marrakech1-1024x683.jpg 1024w, https:\/\/larnocom.net\/freelance\/wp-content\/uploads\/2021\/05\/marrakech1-768x512.jpg 768w\" sizes=\"auto, (max-width: 1080px) 100vw, 1080px\" \/><\/a><\/p>\n<p><a href=\"https:\/\/larnocom.net\/freelance\/wp-content\/uploads\/2021\/05\/Marrakech-responsive-2.jpg\"><img loading=\"lazy\" decoding=\"async\" class=\"wp-image-2381 size-full alignnone\" src=\"https:\/\/larnocom.net\/freelance\/wp-content\/uploads\/2021\/05\/Marrakech-responsive-2.jpg\" alt=\"\" width=\"1400\" height=\"1000\" srcset=\"https:\/\/larnocom.net\/freelance\/wp-content\/uploads\/2021\/05\/Marrakech-responsive-2.jpg 1400w, https:\/\/larnocom.net\/freelance\/wp-content\/uploads\/2021\/05\/Marrakech-responsive-2-300x214.jpg 300w, https:\/\/larnocom.net\/freelance\/wp-content\/uploads\/2021\/05\/Marrakech-responsive-2-1024x731.jpg 1024w, https:\/\/larnocom.net\/freelance\/wp-content\/uploads\/2021\/05\/Marrakech-responsive-2-768x549.jpg 768w\" sizes=\"auto, (max-width: 1400px) 100vw, 1400px\" \/><\/a><\/p>\n<p><a href=\"https:\/\/larnocom.net\/freelance\/wp-content\/uploads\/2021\/05\/plv-proam19-1.jpg\"><img loading=\"lazy\" decoding=\"async\" class=\"wp-image-2389 size-full aligncenter\" src=\"https:\/\/larnocom.net\/freelance\/wp-content\/uploads\/2021\/05\/plv-proam19-1.jpg\" alt=\"\" width=\"960\" height=\"720\" srcset=\"https:\/\/larnocom.net\/freelance\/wp-content\/uploads\/2021\/05\/plv-proam19-1.jpg 960w, https:\/\/larnocom.net\/freelance\/wp-content\/uploads\/2021\/05\/plv-proam19-1-300x225.jpg 300w, https:\/\/larnocom.net\/freelance\/wp-content\/uploads\/2021\/05\/plv-proam19-1-768x576.jpg 768w\" sizes=\"auto, (max-width: 960px) 100vw, 960px\" \/><\/a><\/p>\n<\/div>\n<div class=\"grid__item one-whole portable--nine-twelfths lap--auto palm--auto top-no-padding bottom-large-padding center \" data-style=\"undefined\">\n<p>&nbsp;<\/p>\n<\/div>\n<\/div>\n","protected":false},"excerpt":{"rendered":"<p>PRO\/AM DE MARRAKECH 2020 Client \u2014\u00a0Gapa Event Intervention \u2014\u00a0Identit\u00e9 visuelle, Mini-site, PLV Date \u2014 2020 Site web \u2014 https:\/\/gapa-golf.fr 1\u00e8re \u00e9dition pour cette comp\u00e9tition r\u00e9unissant un joueur de golf professionnel et 3 amateurs par \u00e9quipe. 36 \u00e9quipes s\u2019affrontent durant 6 jours sur 3 golfs de Marrakech du 16 au 22 novembre 2020. Ev\u00e9nement est organis\u00e9 [&hellip;]<\/p>\n","protected":false},"author":1,"featured_media":2622,"comment_status":"closed","ping_status":"closed","template":"","meta":{"footnotes":""},"class_list":["post-2371","portfolio","type-portfolio","status-publish","has-post-thumbnail","hentry","portfolio_category-identity","portfolio_category-print","portfolio_category-web"],"acf":[],"yoast_head":"<!-- This site is optimized with the Yoast SEO plugin v25.2 - https:\/\/yoast.com\/wordpress\/plugins\/seo\/ -->\n<title>Pro\/Am de Marrakech 2020 | Arnaud Decotte Designer graphique freelance<\/title>\n<meta name=\"robots\" content=\"index, follow, max-snippet:-1, max-image-preview:large, max-video-preview:-1\" \/>\n<link rel=\"canonical\" href=\"https:\/\/larnocom.net\/freelance\/portfolio\/pro-am-de-marrakech-2020\/\" \/>\n<meta property=\"og:locale\" content=\"fr_FR\" \/>\n<meta property=\"og:type\" content=\"article\" \/>\n<meta property=\"og:title\" content=\"Pro\/Am de Marrakech 2020 | Arnaud Decotte Designer graphique freelance\" \/>\n<meta property=\"og:description\" content=\"PRO\/AM DE MARRAKECH 2020 Client \u2014\u00a0Gapa Event Intervention \u2014\u00a0Identit\u00e9 visuelle, Mini-site, PLV Date \u2014 2020 Site web \u2014 https:\/\/gapa-golf.fr 1\u00e8re \u00e9dition pour cette comp\u00e9tition r\u00e9unissant un joueur de golf professionnel et 3 amateurs par \u00e9quipe. 36 \u00e9quipes s\u2019affrontent durant 6 jours sur 3 golfs de Marrakech du 16 au 22 novembre 2020. Ev\u00e9nement est organis\u00e9 [&hellip;]\" \/>\n<meta property=\"og:url\" content=\"https:\/\/larnocom.net\/freelance\/portfolio\/pro-am-de-marrakech-2020\/\" \/>\n<meta property=\"og:site_name\" content=\"Arnaud Decotte Designer graphique freelance\" \/>\n<meta property=\"article:publisher\" content=\"https:\/\/www.facebook.com\/AD.freelance\" \/>\n<meta property=\"article:modified_time\" content=\"2021-10-01T13:20:31+00:00\" \/>\n<meta property=\"og:image\" content=\"https:\/\/larnocom.net\/freelance\/wp-content\/uploads\/2020\/03\/proam-marrakech2.jpg\" \/>\n\t<meta property=\"og:image:width\" content=\"960\" \/>\n\t<meta property=\"og:image:height\" content=\"1080\" \/>\n\t<meta property=\"og:image:type\" content=\"image\/jpeg\" \/>\n<meta name=\"twitter:card\" content=\"summary_large_image\" \/>\n<meta name=\"twitter:label1\" content=\"Dur\u00e9e de lecture estim\u00e9e\" \/>\n\t<meta name=\"twitter:data1\" content=\"1 minute\" \/>\n<script type=\"application\/ld+json\" class=\"yoast-schema-graph\">{\"@context\":\"https:\/\/schema.org\",\"@graph\":[{\"@type\":\"WebPage\",\"@id\":\"https:\/\/larnocom.net\/freelance\/portfolio\/pro-am-de-marrakech-2020\/\",\"url\":\"https:\/\/larnocom.net\/freelance\/portfolio\/pro-am-de-marrakech-2020\/\",\"name\":\"Pro\/Am de Marrakech 2020 | Arnaud Decotte Designer graphique freelance\",\"isPartOf\":{\"@id\":\"https:\/\/larnocom.net\/freelance\/#website\"},\"primaryImageOfPage\":{\"@id\":\"https:\/\/larnocom.net\/freelance\/portfolio\/pro-am-de-marrakech-2020\/#primaryimage\"},\"image\":{\"@id\":\"https:\/\/larnocom.net\/freelance\/portfolio\/pro-am-de-marrakech-2020\/#primaryimage\"},\"thumbnailUrl\":\"https:\/\/larnocom.net\/freelance\/wp-content\/uploads\/2020\/03\/proam-marrakech2.jpg\",\"datePublished\":\"2020-03-23T22:02:52+00:00\",\"dateModified\":\"2021-10-01T13:20:31+00:00\",\"breadcrumb\":{\"@id\":\"https:\/\/larnocom.net\/freelance\/portfolio\/pro-am-de-marrakech-2020\/#breadcrumb\"},\"inLanguage\":\"fr-FR\",\"potentialAction\":[{\"@type\":\"ReadAction\",\"target\":[\"https:\/\/larnocom.net\/freelance\/portfolio\/pro-am-de-marrakech-2020\/\"]}]},{\"@type\":\"ImageObject\",\"inLanguage\":\"fr-FR\",\"@id\":\"https:\/\/larnocom.net\/freelance\/portfolio\/pro-am-de-marrakech-2020\/#primaryimage\",\"url\":\"https:\/\/larnocom.net\/freelance\/wp-content\/uploads\/2020\/03\/proam-marrakech2.jpg\",\"contentUrl\":\"https:\/\/larnocom.net\/freelance\/wp-content\/uploads\/2020\/03\/proam-marrakech2.jpg\",\"width\":960,\"height\":1080},{\"@type\":\"BreadcrumbList\",\"@id\":\"https:\/\/larnocom.net\/freelance\/portfolio\/pro-am-de-marrakech-2020\/#breadcrumb\",\"itemListElement\":[{\"@type\":\"ListItem\",\"position\":1,\"name\":\"Accueil\",\"item\":\"https:\/\/larnocom.net\/freelance\/\"},{\"@type\":\"ListItem\",\"position\":2,\"name\":\"Portfolio\",\"item\":\"https:\/\/larnocom.net\/freelance\/portfolio\/\"},{\"@type\":\"ListItem\",\"position\":3,\"name\":\"Pro\/Am de Marrakech 2020\"}]},{\"@type\":\"WebSite\",\"@id\":\"https:\/\/larnocom.net\/freelance\/#website\",\"url\":\"https:\/\/larnocom.net\/freelance\/\",\"name\":\"Arnaud Decotte | Graphiste webdesigner Tarbes\",\"description\":\"Graphiste webdesigner Hautes-Pyr\u00e9n\u00e9es\",\"publisher\":{\"@id\":\"https:\/\/larnocom.net\/freelance\/#organization\"},\"alternateName\":\"AD Graphiste Tarbes\",\"potentialAction\":[{\"@type\":\"SearchAction\",\"target\":{\"@type\":\"EntryPoint\",\"urlTemplate\":\"https:\/\/larnocom.net\/freelance\/?s={search_term_string}\"},\"query-input\":{\"@type\":\"PropertyValueSpecification\",\"valueRequired\":true,\"valueName\":\"search_term_string\"}}],\"inLanguage\":\"fr-FR\"},{\"@type\":\"Organization\",\"@id\":\"https:\/\/larnocom.net\/freelance\/#organization\",\"name\":\"AD grahiste webdesigner freelance\",\"alternateName\":\"Arnaud Decotte\",\"url\":\"https:\/\/larnocom.net\/freelance\/\",\"logo\":{\"@type\":\"ImageObject\",\"inLanguage\":\"fr-FR\",\"@id\":\"https:\/\/larnocom.net\/freelance\/#\/schema\/logo\/image\/\",\"url\":\"https:\/\/larnocom.net\/freelance\/wp-content\/uploads\/2021\/05\/fb-ad.jpg\",\"contentUrl\":\"https:\/\/larnocom.net\/freelance\/wp-content\/uploads\/2021\/05\/fb-ad.jpg\",\"width\":500,\"height\":500,\"caption\":\"AD grahiste webdesigner freelance\"},\"image\":{\"@id\":\"https:\/\/larnocom.net\/freelance\/#\/schema\/logo\/image\/\"},\"sameAs\":[\"https:\/\/www.facebook.com\/AD.freelance\"]}]}<\/script>\n<!-- \/ Yoast SEO plugin. -->","yoast_head_json":{"title":"Pro\/Am de Marrakech 2020 | Arnaud Decotte Designer graphique freelance","robots":{"index":"index","follow":"follow","max-snippet":"max-snippet:-1","max-image-preview":"max-image-preview:large","max-video-preview":"max-video-preview:-1"},"canonical":"https:\/\/larnocom.net\/freelance\/portfolio\/pro-am-de-marrakech-2020\/","og_locale":"fr_FR","og_type":"article","og_title":"Pro\/Am de Marrakech 2020 | Arnaud Decotte Designer graphique freelance","og_description":"PRO\/AM DE MARRAKECH 2020 Client \u2014\u00a0Gapa Event Intervention \u2014\u00a0Identit\u00e9 visuelle, Mini-site, PLV Date \u2014 2020 Site web \u2014 https:\/\/gapa-golf.fr 1\u00e8re \u00e9dition pour cette comp\u00e9tition r\u00e9unissant un joueur de golf professionnel et 3 amateurs par \u00e9quipe. 36 \u00e9quipes s\u2019affrontent durant 6 jours sur 3 golfs de Marrakech du 16 au 22 novembre 2020. Ev\u00e9nement est organis\u00e9 [&hellip;]","og_url":"https:\/\/larnocom.net\/freelance\/portfolio\/pro-am-de-marrakech-2020\/","og_site_name":"Arnaud Decotte Designer graphique freelance","article_publisher":"https:\/\/www.facebook.com\/AD.freelance","article_modified_time":"2021-10-01T13:20:31+00:00","og_image":[{"width":960,"height":1080,"url":"https:\/\/larnocom.net\/freelance\/wp-content\/uploads\/2020\/03\/proam-marrakech2.jpg","type":"image\/jpeg"}],"twitter_card":"summary_large_image","twitter_misc":{"Dur\u00e9e de lecture estim\u00e9e":"1 minute"},"schema":{"@context":"https:\/\/schema.org","@graph":[{"@type":"WebPage","@id":"https:\/\/larnocom.net\/freelance\/portfolio\/pro-am-de-marrakech-2020\/","url":"https:\/\/larnocom.net\/freelance\/portfolio\/pro-am-de-marrakech-2020\/","name":"Pro\/Am de Marrakech 2020 | Arnaud Decotte Designer graphique freelance","isPartOf":{"@id":"https:\/\/larnocom.net\/freelance\/#website"},"primaryImageOfPage":{"@id":"https:\/\/larnocom.net\/freelance\/portfolio\/pro-am-de-marrakech-2020\/#primaryimage"},"image":{"@id":"https:\/\/larnocom.net\/freelance\/portfolio\/pro-am-de-marrakech-2020\/#primaryimage"},"thumbnailUrl":"https:\/\/larnocom.net\/freelance\/wp-content\/uploads\/2020\/03\/proam-marrakech2.jpg","datePublished":"2020-03-23T22:02:52+00:00","dateModified":"2021-10-01T13:20:31+00:00","breadcrumb":{"@id":"https:\/\/larnocom.net\/freelance\/portfolio\/pro-am-de-marrakech-2020\/#breadcrumb"},"inLanguage":"fr-FR","potentialAction":[{"@type":"ReadAction","target":["https:\/\/larnocom.net\/freelance\/portfolio\/pro-am-de-marrakech-2020\/"]}]},{"@type":"ImageObject","inLanguage":"fr-FR","@id":"https:\/\/larnocom.net\/freelance\/portfolio\/pro-am-de-marrakech-2020\/#primaryimage","url":"https:\/\/larnocom.net\/freelance\/wp-content\/uploads\/2020\/03\/proam-marrakech2.jpg","contentUrl":"https:\/\/larnocom.net\/freelance\/wp-content\/uploads\/2020\/03\/proam-marrakech2.jpg","width":960,"height":1080},{"@type":"BreadcrumbList","@id":"https:\/\/larnocom.net\/freelance\/portfolio\/pro-am-de-marrakech-2020\/#breadcrumb","itemListElement":[{"@type":"ListItem","position":1,"name":"Accueil","item":"https:\/\/larnocom.net\/freelance\/"},{"@type":"ListItem","position":2,"name":"Portfolio","item":"https:\/\/larnocom.net\/freelance\/portfolio\/"},{"@type":"ListItem","position":3,"name":"Pro\/Am de Marrakech 2020"}]},{"@type":"WebSite","@id":"https:\/\/larnocom.net\/freelance\/#website","url":"https:\/\/larnocom.net\/freelance\/","name":"Arnaud Decotte | Graphiste webdesigner Tarbes","description":"Graphiste webdesigner Hautes-Pyr\u00e9n\u00e9es","publisher":{"@id":"https:\/\/larnocom.net\/freelance\/#organization"},"alternateName":"AD Graphiste Tarbes","potentialAction":[{"@type":"SearchAction","target":{"@type":"EntryPoint","urlTemplate":"https:\/\/larnocom.net\/freelance\/?s={search_term_string}"},"query-input":{"@type":"PropertyValueSpecification","valueRequired":true,"valueName":"search_term_string"}}],"inLanguage":"fr-FR"},{"@type":"Organization","@id":"https:\/\/larnocom.net\/freelance\/#organization","name":"AD grahiste webdesigner freelance","alternateName":"Arnaud Decotte","url":"https:\/\/larnocom.net\/freelance\/","logo":{"@type":"ImageObject","inLanguage":"fr-FR","@id":"https:\/\/larnocom.net\/freelance\/#\/schema\/logo\/image\/","url":"https:\/\/larnocom.net\/freelance\/wp-content\/uploads\/2021\/05\/fb-ad.jpg","contentUrl":"https:\/\/larnocom.net\/freelance\/wp-content\/uploads\/2021\/05\/fb-ad.jpg","width":500,"height":500,"caption":"AD grahiste webdesigner freelance"},"image":{"@id":"https:\/\/larnocom.net\/freelance\/#\/schema\/logo\/image\/"},"sameAs":["https:\/\/www.facebook.com\/AD.freelance"]}]}},"_links":{"self":[{"href":"https:\/\/larnocom.net\/freelance\/wp-json\/wp\/v2\/portfolio\/2371","targetHints":{"allow":["GET"]}}],"collection":[{"href":"https:\/\/larnocom.net\/freelance\/wp-json\/wp\/v2\/portfolio"}],"about":[{"href":"https:\/\/larnocom.net\/freelance\/wp-json\/wp\/v2\/types\/portfolio"}],"author":[{"embeddable":true,"href":"https:\/\/larnocom.net\/freelance\/wp-json\/wp\/v2\/users\/1"}],"replies":[{"embeddable":true,"href":"https:\/\/larnocom.net\/freelance\/wp-json\/wp\/v2\/comments?post=2371"}],"version-history":[{"count":4,"href":"https:\/\/larnocom.net\/freelance\/wp-json\/wp\/v2\/portfolio\/2371\/revisions"}],"predecessor-version":[{"id":2392,"href":"https:\/\/larnocom.net\/freelance\/wp-json\/wp\/v2\/portfolio\/2371\/revisions\/2392"}],"wp:featuredmedia":[{"embeddable":true,"href":"https:\/\/larnocom.net\/freelance\/wp-json\/wp\/v2\/media\/2622"}],"wp:attachment":[{"href":"https:\/\/larnocom.net\/freelance\/wp-json\/wp\/v2\/media?parent=2371"}],"curies":[{"name":"wp","href":"https:\/\/api.w.org\/{rel}","templated":true}]}}